{"id":264,"date":"2015-10-30T03:26:01","date_gmt":"2015-10-30T01:26:01","guid":{"rendered":"http:\/\/presencevocale.fr\/coachingvocal\/?page_id=264"},"modified":"2019-09-02T23:59:36","modified_gmt":"2019-09-02T21:59:36","slug":"reprendre-confiance-en-sa-voix","status":"publish","type":"page","link":"https:\/\/presencevocale.fr\/coachingvocal\/reprendre-confiance-en-sa-voix\/","title":{"rendered":"Reprendre confiance en sa voix"},"content":{"rendered":"<p><a href=\"http:\/\/presencevocale.fr\/coachingvocal\/wp-content\/uploads\/2015\/10\/IGP8561-2.jpg\"><img loading=\"lazy\" decoding=\"async\" class=\"size-medium wp-image-280 alignright\" src=\"http:\/\/presencevocale.fr\/coachingvocal\/wp-content\/uploads\/2015\/10\/IGP8561-2-300x199.jpg\" alt=\"Groupe vocal\" width=\"300\" height=\"199\" srcset=\"https:\/\/presencevocale.fr\/coachingvocal\/wp-content\/uploads\/2015\/10\/IGP8561-2-300x199.jpg 300w, https:\/\/presencevocale.fr\/coachingvocal\/wp-content\/uploads\/2015\/10\/IGP8561-2-1024x678.jpg 1024w, https:\/\/presencevocale.fr\/coachingvocal\/wp-content\/uploads\/2015\/10\/IGP8561-2-600x398.jpg 600w, https:\/\/presencevocale.fr\/coachingvocal\/wp-content\/uploads\/2015\/10\/IGP8561-2.jpg 1280w\" sizes=\"auto, (max-width: 300px) 100vw, 300px\" \/><\/a>Cet atelier doit permettre d&rsquo;approfondir et int\u00e9grer une nouvelle fluidit\u00e9 vocale dans votre quotidien, gr\u00e2ce \u00e0 un apprentissage ludique, appuy\u00e9 sur la pleine conscience des ressentis et des capacit\u00e9s sonores du corps.<\/p>\n<p>Ce premier atelier d\u2019initiation et de d\u00e9couverte peut \u00eatre suivi par un parcours d&rsquo;ateliers mensuels, en groupe ferm\u00e9 et en nombre limit\u00e9 de participants.<\/p>\n<p>Il s\u2019agit :<\/p>\n<ul>\n<li>de d\u00e9couvrir et de pratiquer seul et en groupe les piliers corporels de la voix (puissance et tonicit\u00e9 du bas du corps, r\u00e9sonateurs),<\/li>\n<li>d\u2019apprendre \u00e0 jouer avec ses propres sons (rythme, tonalit\u00e9, hauteur),<\/li>\n<li>de s\u2019initier \u00e0 une respiration plus ample et mieux maitris\u00e9e.<\/li>\n<\/ul>\n<p>Il s\u2019agit aussi de d\u00e9velopper sa pr\u00e9sence et sa capacit\u00e9 \u00e0 entrer en relation et \u00e0 se faire entendre.<\/p>\n<p><strong>Pr\u00e9-requis et conditions pratiques :<\/strong><\/p>\n<p>Cet atelier s\u2019adresse \u00e0 tous, pratiquants du chant ou non, \u00e0 l\u2019aise vocalement ou pas. Il n\u00e9cessite une tenue souple. Penser aussi \u00e0 apporter de l\u2019eau, pour s\u2019hydrater entre les exercices. Il n\u2019est pas possible de n\u2019assister qu\u2019\u00e0 une partie de l\u2019atelier<\/p>\n<p>Dur\u00e9e : de 1h30 \u00e0 3h &#8211; Nombre de participants limit\u00e9 \u00e0 12<\/p>\n","protected":false},"excerpt":{"rendered":"<p>Cet atelier doit permettre d&rsquo;approfondir et int\u00e9grer une nouvelle fluidit\u00e9 vocale dans votre quotidien, gr\u00e2ce \u00e0 un apprentissage ludique, appuy\u00e9 sur la pleine conscience des ressentis et des capacit\u00e9s sonores du corps. Ce premier atelier d\u2019initiation et de d\u00e9couverte peut \u00eatre suivi par un parcours d&rsquo;ateliers mensuels, en groupe ferm\u00e9 et en nombre limit\u00e9 de [&hellip;]<\/p>\n","protected":false},"author":3,"featured_media":0,"parent":0,"menu_order":0,"comment_status":"closed","ping_status":"closed","template":"","meta":{"ocean_post_layout":"","ocean_both_sidebars_style":"","ocean_both_sidebars_content_width":0,"ocean_both_sidebars_sidebars_width":0,"ocean_sidebar":"","ocean_second_sidebar":"","ocean_disable_margins":"enable","ocean_add_body_class":"","ocean_shortcode_before_top_bar":"","ocean_shortcode_after_top_bar":"","ocean_shortcode_before_header":"","ocean_shortcode_after_header":"","ocean_has_shortcode":"","ocean_shortcode_after_title":"","ocean_shortcode_before_footer_widgets":"","ocean_shortcode_after_footer_widgets":"","ocean_shortcode_before_footer_bottom":"","ocean_shortcode_after_footer_bottom":"","ocean_display_top_bar":"default","ocean_display_header":"default","ocean_header_style":"","ocean_center_header_left_menu":"","ocean_custom_header_template":"","ocean_custom_logo":0,"ocean_custom_retina_logo":0,"ocean_custom_logo_max_width":0,"ocean_custom_logo_tablet_max_width":0,"ocean_custom_logo_mobile_max_width":0,"ocean_custom_logo_max_height":0,"ocean_custom_logo_tablet_max_height":0,"ocean_custom_logo_mobile_max_height":0,"ocean_header_custom_menu":"","ocean_menu_typo_font_family":"","ocean_menu_typo_font_subset":"","ocean_menu_typo_font_size":0,"ocean_menu_typo_font_size_tablet":0,"ocean_menu_typo_font_size_mobile":0,"ocean_menu_typo_font_size_unit":"px","ocean_menu_typo_font_weight":"","ocean_menu_typo_font_weight_tablet":"","ocean_menu_typo_font_weight_mobile":"","ocean_menu_typo_transform":"","ocean_menu_typo_transform_tablet":"","ocean_menu_typo_transform_mobile":"","ocean_menu_typo_line_height":0,"ocean_menu_typo_line_height_tablet":0,"ocean_menu_typo_line_height_mobile":0,"ocean_menu_typo_line_height_unit":"","ocean_menu_typo_spacing":0,"ocean_menu_typo_spacing_tablet":0,"ocean_menu_typo_spacing_mobile":0,"ocean_menu_typo_spacing_unit":"","ocean_menu_link_color":"","ocean_menu_link_color_hover":"","ocean_menu_link_color_active":"","ocean_menu_link_background":"","ocean_menu_link_hover_background":"","ocean_menu_link_active_background":"","ocean_menu_social_links_bg":"","ocean_menu_social_hover_links_bg":"","ocean_menu_social_links_color":"","ocean_menu_social_hover_links_color":"","ocean_disable_title":"default","ocean_disable_heading":"default","ocean_post_title":"","ocean_post_subheading":"","ocean_post_title_style":"","ocean_post_title_background_color":"","ocean_post_title_background":0,"ocean_post_title_bg_image_position":"","ocean_post_title_bg_image_attachment":"","ocean_post_title_bg_image_repeat":"","ocean_post_title_bg_image_size":"","ocean_post_title_height":0,"ocean_post_title_bg_overlay":0.5,"ocean_post_title_bg_overlay_color":"","ocean_disable_breadcrumbs":"default","ocean_breadcrumbs_color":"","ocean_breadcrumbs_separator_color":"","ocean_breadcrumbs_links_color":"","ocean_breadcrumbs_links_hover_color":"","ocean_display_footer_widgets":"default","ocean_display_footer_bottom":"default","ocean_custom_footer_template":"","footnotes":""},"class_list":["post-264","page","type-page","status-publish","hentry","entry"],"_links":{"self":[{"href":"https:\/\/presencevocale.fr\/coachingvocal\/wp-json\/wp\/v2\/pages\/264","targetHints":{"allow":["GET"]}}],"collection":[{"href":"https:\/\/presencevocale.fr\/coachingvocal\/wp-json\/wp\/v2\/pages"}],"about":[{"href":"https:\/\/presencevocale.fr\/coachingvocal\/wp-json\/wp\/v2\/types\/page"}],"author":[{"embeddable":true,"href":"https:\/\/presencevocale.fr\/coachingvocal\/wp-json\/wp\/v2\/users\/3"}],"replies":[{"embeddable":true,"href":"https:\/\/presencevocale.fr\/coachingvocal\/wp-json\/wp\/v2\/comments?post=264"}],"version-history":[{"count":7,"href":"https:\/\/presencevocale.fr\/coachingvocal\/wp-json\/wp\/v2\/pages\/264\/revisions"}],"predecessor-version":[{"id":2143,"href":"https:\/\/presencevocale.fr\/coachingvocal\/wp-json\/wp\/v2\/pages\/264\/revisions\/2143"}],"wp:attachment":[{"href":"https:\/\/presencevocale.fr\/coachingvocal\/wp-json\/wp\/v2\/media?parent=264"}],"curies":[{"name":"wp","href":"https:\/\/api.w.org\/{rel}","templated":true}]}}