{"id":560,"date":"2020-08-25T22:08:12","date_gmt":"2020-08-25T21:08:12","guid":{"rendered":"https:\/\/presencevocale.fr\/veillevocale\/?page_id=560"},"modified":"2025-07-05T16:16:59","modified_gmt":"2025-07-05T15:16:59","slug":"ecoute-et-son","status":"publish","type":"page","link":"https:\/\/presencevocale.fr\/veillevocale\/ecoute-et-son\/","title":{"rendered":"\u00c9coute et son"},"content":{"rendered":"\n<p><strong>Cliquez sur l&#8217;image pour acc\u00e9der au site de l&#8217;\u00e9diteur<\/strong><\/p>\n\n\n\n<div class=\"wp-block-media-text is-stacked-on-mobile\"><figure class=\"wp-block-media-text__media\"><img loading=\"lazy\" decoding=\"async\" width=\"914\" height=\"1024\" src=\"https:\/\/presencevocale.fr\/veillevocale\/wp-content\/uploads\/2025\/07\/harmoniques-son-914x1024.png\" alt=\"\" class=\"wp-image-742 size-full\" srcset=\"https:\/\/presencevocale.fr\/veillevocale\/wp-content\/uploads\/2025\/07\/harmoniques-son-914x1024.png 914w, https:\/\/presencevocale.fr\/veillevocale\/wp-content\/uploads\/2025\/07\/harmoniques-son-268x300.png 268w, https:\/\/presencevocale.fr\/veillevocale\/wp-content\/uploads\/2025\/07\/harmoniques-son-768x860.png 768w, https:\/\/presencevocale.fr\/veillevocale\/wp-content\/uploads\/2025\/07\/harmoniques-son-241x270.png 241w, https:\/\/presencevocale.fr\/veillevocale\/wp-content\/uploads\/2025\/07\/harmoniques-son.png 1280w\" sizes=\"auto, (max-width: 914px) 100vw, 914px\" \/><\/figure><div class=\"wp-block-media-text__content\">\n<p><em><a href=\"https:\/\/www.youtube.com\/watch?v=sPOLR60ADs8\">Les harmoniques d&#8217;une note<\/a><\/em>. Vid\u00e9o de pr\u00e9sentation d&#8217;<a href=\"https:\/\/www.youtube.com\/@eduMediaSciences\" data-type=\"link\" data-id=\"https:\/\/www.youtube.com\/@eduMediaSciences\">EduM\u00e9diaSciences<\/a><\/p>\n<\/div><\/div>\n\n\n\n<div class=\"wp-block-media-text alignfull is-stacked-on-mobile is-vertically-aligned-center\" style=\"grid-template-columns:47% auto\"><figure class=\"wp-block-media-text__media\"><a href=\"https:\/\/www.editionsleduc.com\/produit\/2508\/9791028521400\/tout-est-vibration\" target=\"_blank\" rel=\"noreferrer noopener\"><img loading=\"lazy\" decoding=\"async\" width=\"640\" height=\"994\" src=\"https:\/\/presencevocale.fr\/veillevocale\/wp-content\/uploads\/2022\/08\/Tout-est-vibration.jpg\" alt=\"\" class=\"wp-image-655 size-full\" srcset=\"https:\/\/presencevocale.fr\/veillevocale\/wp-content\/uploads\/2022\/08\/Tout-est-vibration.jpg 640w, https:\/\/presencevocale.fr\/veillevocale\/wp-content\/uploads\/2022\/08\/Tout-est-vibration-193x300.jpg 193w, https:\/\/presencevocale.fr\/veillevocale\/wp-content\/uploads\/2022\/08\/Tout-est-vibration-174x270.jpg 174w\" sizes=\"auto, (max-width: 640px) 100vw, 640px\" \/><\/a><\/figure><div class=\"wp-block-media-text__content\">\n<h3 class=\"wp-block-heading has-text-align-left has-text-color\" style=\"color:#000000;font-size:16px;font-style:normal;font-weight:400;text-transform:capitalize\">DRU, Fran\u00e7ois-Marie. <em>Tout est vibration<\/em>. Ed. Leduc, 2021<\/h3>\n\n\n\n<p class=\"has-text-align-left\" style=\"font-size:16px\">Fran\u00e7ois-Marie Dru est responsable du p\u00f4le musicoth\u00e9rapie \u00e0 l\u2019Institut Rafa\u00ebl, Maison de l\u2019apr\u00e8s-cancer \u00e0 Paris. Musicoth\u00e9rapeute, il donne des soins et des formations fond\u00e9s sur le pouvoir th\u00e9rapeutique du son.<\/p>\n\n\n\n<p style=\"font-size:16px\">Tout est vibration. Des atomes aux galaxies, les cellules comme les \u00e9toiles vibrent. De l\u2019infiniment petit \u00e0 l\u2019infiniment grand, la vibration est le lien ultime qui nous relie en unifiant les champs \u00e9nerg\u00e9tiques. Gr\u00e2ce \u00e0 ce livre passionnant, voyage dans le monde des ondes, nous comprenons comment la musique peut contribuer au progr\u00e8s et inspirer des solutions innovantes dans des domaines aussi vari\u00e9s que la m\u00e9decine, l\u2019\u00e9nergie, l\u2019\u00e9ducation, l\u2019\u00e9cologie.<\/p>\n<\/div><\/div>\n\n\n\n<div class=\"wp-block-media-text alignwide is-stacked-on-mobile\"><figure class=\"wp-block-media-text__media\"><a href=\"http:\/\/www.editions-tredaniel.com\/coute-p-8036.html\" target=\"_blank\" rel=\"noopener noreferrer\"><img loading=\"lazy\" decoding=\"async\" width=\"247\" height=\"380\" src=\"https:\/\/presencevocale.fr\/veillevocale\/wp-content\/uploads\/2020\/08\/Ecoute-Haskell.jpg\" alt=\"\" class=\"wp-image-561 size-full\" srcset=\"https:\/\/presencevocale.fr\/veillevocale\/wp-content\/uploads\/2020\/08\/Ecoute-Haskell.jpg 247w, https:\/\/presencevocale.fr\/veillevocale\/wp-content\/uploads\/2020\/08\/Ecoute-Haskell-195x300.jpg 195w, https:\/\/presencevocale.fr\/veillevocale\/wp-content\/uploads\/2020\/08\/Ecoute-Haskell-176x270.jpg 176w\" sizes=\"auto, (max-width: 247px) 100vw, 247px\" \/><\/a><\/figure><div class=\"wp-block-media-text__content\">\n<p class=\"has-normal-font-size\">HASKELL, St\u00e9phane. <em>Ecoute<\/em>. Ed. Le Courrier du livre, 2019<\/p>\n\n\n\n<p style=\"font-size:16px\">St\u00e9phane Haskell est \u00e9crivain et r\u00e9alisateur. Apr\u00e8s un film sur le yoga, il a d\u00e9cid\u00e9 de r\u00e9aliser un film sur le son et l&#8217;\u00e9coute. Ce livre est le r\u00e9cit de son parcours \u00e0 la rencontre de ceux qui ont plac\u00e9 le son au centre de leur vie : artistes, scientifiques, th\u00e9rapeutes&#8230; R\u00e9cit passionnant, bourr\u00e9 d&#8217;informations, \u00e9crit pas un passionn\u00e9.<\/p>\n<\/div><\/div>\n\n\n\n<div class=\"wp-block-media-text alignwide is-stacked-on-mobile\"><figure class=\"wp-block-media-text__media\"><a href=\"https:\/\/medson.net\/\" target=\"_blank\" rel=\"noopener noreferrer\"><img loading=\"lazy\" decoding=\"async\" width=\"253\" height=\"380\" src=\"https:\/\/presencevocale.fr\/veillevocale\/wp-content\/uploads\/2020\/08\/emmanuel-comte-le-son-d-harmonie-sonologie-toucher-par-les-sons-sonotherapie-isbn-978-2-9810-3452-6.jpg\" alt=\"\" class=\"wp-image-562 size-full\" srcset=\"https:\/\/presencevocale.fr\/veillevocale\/wp-content\/uploads\/2020\/08\/emmanuel-comte-le-son-d-harmonie-sonologie-toucher-par-les-sons-sonotherapie-isbn-978-2-9810-3452-6.jpg 253w, https:\/\/presencevocale.fr\/veillevocale\/wp-content\/uploads\/2020\/08\/emmanuel-comte-le-son-d-harmonie-sonologie-toucher-par-les-sons-sonotherapie-isbn-978-2-9810-3452-6-200x300.jpg 200w, https:\/\/presencevocale.fr\/veillevocale\/wp-content\/uploads\/2020\/08\/emmanuel-comte-le-son-d-harmonie-sonologie-toucher-par-les-sons-sonotherapie-isbn-978-2-9810-3452-6-180x270.jpg 180w\" sizes=\"auto, (max-width: 253px) 100vw, 253px\" \/><\/a><\/figure><div class=\"wp-block-media-text__content\">\n<p class=\"has-normal-font-size\">COMTE, Emmanuel. <em>Le Son d&#8217;harmonie<\/em>. Ed. MedSon, 2012.<\/p>\n\n\n\n<p class=\"has-normal-font-size\">Emmanuel Comte a cr\u00e9\u00e9 le centre MedSon, la sonologie et la technique du Toucher par les sons<sup>(R)<\/sup>. Ce livre est une synth\u00e8se partielle de son enseignement. R\u00e9dig\u00e9 tr\u00e8s simplement, sous forme de fiches pratiques, tr\u00e8s illustr\u00e9 et accompagn\u00e9 d&#8217;un CD, il permet de s&#8217;initier et de s&#8217;exercer \u00e0 la th\u00e9rapie par les sons.<\/p>\n<\/div><\/div>\n","protected":false},"excerpt":{"rendered":"<p>Cliquez sur l&#8217;image pour acc\u00e9der au site de l&#8217;\u00e9diteur Les harmoniques d&#8217;une note. Vid\u00e9o de pr\u00e9sentation d&#8217;EduM\u00e9diaSciences DRU, Fran\u00e7ois-Marie. Tout est vibration. Ed. Leduc, 2021 Fran\u00e7ois-Marie Dru est responsable du p\u00f4le musicoth\u00e9rapie \u00e0 l\u2019Institut Rafa\u00ebl, Maison de l\u2019apr\u00e8s-cancer \u00e0 Paris. Musicoth\u00e9rapeute, il donne des soins et des formations fond\u00e9s sur le pouvoir th\u00e9rapeutique du son. Tout est vibration. Des atomes aux galaxies, les cellules comme les \u00e9toiles vibrent. De l\u2019infiniment petit \u00e0 l\u2019infiniment grand, la vibration est le lien ultime&#8230;<\/p>\n<p class=\"read-more\"><a class=\"btn btn-default\" href=\"https:\/\/presencevocale.fr\/veillevocale\/ecoute-et-son\/\">Lire la suite<span class=\"screen-reader-text\"> Lire la suite<\/span><\/a><\/p>\n","protected":false},"author":1,"featured_media":0,"parent":0,"menu_order":0,"comment_status":"closed","ping_status":"closed","template":"","meta":{"footnotes":""},"class_list":["post-560","page","type-page","status-publish","hentry"],"_links":{"self":[{"href":"https:\/\/presencevocale.fr\/veillevocale\/wp-json\/wp\/v2\/pages\/560","targetHints":{"allow":["GET"]}}],"collection":[{"href":"https:\/\/presencevocale.fr\/veillevocale\/wp-json\/wp\/v2\/pages"}],"about":[{"href":"https:\/\/presencevocale.fr\/veillevocale\/wp-json\/wp\/v2\/types\/page"}],"author":[{"embeddable":true,"href":"https:\/\/presencevocale.fr\/veillevocale\/wp-json\/wp\/v2\/users\/1"}],"replies":[{"embeddable":true,"href":"https:\/\/presencevocale.fr\/veillevocale\/wp-json\/wp\/v2\/comments?post=560"}],"version-history":[{"count":16,"href":"https:\/\/presencevocale.fr\/veillevocale\/wp-json\/wp\/v2\/pages\/560\/revisions"}],"predecessor-version":[{"id":744,"href":"https:\/\/presencevocale.fr\/veillevocale\/wp-json\/wp\/v2\/pages\/560\/revisions\/744"}],"wp:attachment":[{"href":"https:\/\/presencevocale.fr\/veillevocale\/wp-json\/wp\/v2\/media?parent=560"}],"curies":[{"name":"wp","href":"https:\/\/api.w.org\/{rel}","templated":true}]}}